{"id":445,"date":"2020-07-02T08:56:07","date_gmt":"2020-07-02T08:56:07","guid":{"rendered":"https:\/\/kraft-bauer.com\/?page_id=445"},"modified":"2024-05-06T19:35:40","modified_gmt":"2024-05-06T19:35:40","slug":"fire-de-tec-eine-guenstige-alternative","status":"publish","type":"page","link":"https:\/\/kraft-bauer.com\/?page_id=445","title":{"rendered":"Fire-de-Tec"},"content":{"rendered":"<div class=\"style-335 style-local-445-c1 position-relative\" data-colibri-id=\"445-c1\">\r\n<div id=\"initial-content\" class=\"h-section h-section-global-spacing d-flex align-items-lg-center align-items-md-center align-items-center style-336 style-local-445-c2 position-relative\" data-colibri-component=\"section\" data-colibri-id=\"445-c2\">\r\n<div class=\"h-section-grid-container h-section-boxed-container\">\r\n<div class=\"h-row-container gutters-row-lg-2 gutters-row-md-2 gutters-row-0 gutters-row-v-lg-2 gutters-row-v-md-2 gutters-row-v-2 style-337 style-local-445-c3 position-relative\" data-colibri-id=\"445-c3\">\r\n<div class=\"h-row justify-content-lg-center justify-content-md-center justify-content-center align-items-lg-stretch align-items-md-stretch align-items-stretch gutters-col-lg-2 gutters-col-md-2 gutters-col-0 gutters-col-v-lg-2 gutters-col-v-md-2 gutters-col-v-2\">\r\n<div class=\"h-column h-column-container d-flex h-col-lg-auto h-col-md-auto h-col-auto style-338-outer style-local-445-c4-outer\">\r\n<div class=\"d-flex h-flex-basis h-column__inner h-px-lg-2 h-px-md-2 h-px-2 v-inner-lg-2 v-inner-md-2 v-inner-2 style-338 style-local-445-c4 position-relative\" data-colibri-id=\"445-c4\">\r\n<div class=\"w-100 h-y-container h-column__content h-column__v-align flex-basis-100 align-self-lg-start align-self-md-start align-self-start\">\r\n<div class=\"style-339 style-local-445-c5 position-relative h-element\" data-colibri-id=\"445-c5\">\r\n<div>\r\n<h3>FIRE-DE-TEC OBJEKTSCHUTZ-L\u00d6SCHANLAGEN<\/h3>\r\n<strong>Effektive Brandbek\u00e4mpfung f\u00fcr bestimmte Bereiche<\/strong>\r\nIn Ausnahmef\u00e4llen kann in brandgef\u00e4hrdeten Bereichen die Fire-De-Tec L\u00f6schanlage eine g\u00fcnstige Alternative sein. In brandgef\u00e4hrdeten Bereichen, wo bestimmte technische\r\nStandards wie z.B. die DIN 14497, Berufsgenossenschaft BGR 134 oder die EN 13478 &#8222;Sicherheit von Maschinen&#8220; nicht zwingend sind, ist Fire-De-Tec eine g\u00fcnstige Alternative. Die FDT-Interface L\u00f6schanlage l\u00f6scht pneumatisch ohne Fremdenergie.\r\nNur f\u00fcr die Alarmkommunikation wird Fremdenergie ben\u00f6tigt. Das Ausl\u00f6seventil ist permanent mit dem unter Druck stehenden Detektionsschlauch verbunden. Bei Temperaturen \u00fcber 100\u00b0C platzt der Schlauch auf. Das Ventil erkennt den Druckabfall\r\nund l\u00f6st den L\u00f6schvorgang \u00fcber separate L\u00f6schd\u00fcsen aus. Durch das DIMES System wird bei CO2 permanent die L\u00f6schmittelmenge gepr\u00fcft. \u00dcber das Display des Interface\u2018s sind die Betriebszust\u00e4nde einfach abzulesen. Die Betriebsbereitschaft\r\nwird permanent abgefragt. \u00dcber ein Sicherheitsmodul kann eine automatische Deaktivierung bei ge\u00f6ffneter Objektt\u00fcr gew\u00e4hrleistet werden.\r\n\r\n<strong>Ideale Einsatzgebiete<\/strong>\r\n\r\nKompressoranlagen, Elektroverteiler, Kabelsch\u00e4chte, Standortmotoren, Pr\u00fcfstande jeglicher Art, Lackieranlagen, Notstromanlagen, Gro\u00dfk\u00fcchen, Serviceautomaten, Ex-gesch\u00fctzte Bereiche usw. Bedingter\r\nEinsatz bei Werkzeugmaschinen.\r\n\r\n<strong>Vorteile von Fire-De-Tec<\/strong>\r\n<ul>\r\n \t<li>Unabh\u00e4ngig von Fremdenergie<\/li>\r\n \t<li>Funktionsf\u00e4hig auch bei Ausfall aller Energiequellen<\/li>\r\n \t<li>Einfache thermische Branderfassung \u00fcber Detektorschlauch, der bei einer Hitzeentwicklung von ca. 100 \u2013 110 \u00b0C platzt<\/li>\r\n \t<li>Betriebsdruck zwischen 10 \u2013 18 bar<\/li>\r\n<\/ul>\r\n<strong>Unterschiede zu elektronisch gesteuerten L\u00f6schanlagen<\/strong>\r\n<ul>\r\n \t<li>Keine optischen Flammenmelder<\/li>\r\n \t<li>L\u00f6schanlage kann nur manuell deaktiviert werden<\/li>\r\n \t<li>H\u00f6here Ansprechtemperatur<\/li>\r\n \t<li>Sonderfunktionen wie Ansteuerung Luftabsperr-Flammschutzklappe oder Erkennung Druckentlastung sind nur mit gesonderten Bauteilen m\u00f6glich<\/li>\r\n \t<li>Alarmweitermeldungen\/St\u00f6rmeldungen nur bedingt m\u00f6glich<\/li>\r\n<\/ul>\r\n<\/div>\r\n<\/div>\r\n<\/div>\r\n<\/div>\r\n<\/div>\r\n<\/div>\r\n<\/div>\r\n<div class=\"h-row-container gutters-row-lg-2 gutters-row-md-2 gutters-row-0 gutters-row-v-lg-2 gutters-row-v-md-2 gutters-row-v-2 style-340 style-local-445-c6 position-relative\" data-colibri-id=\"445-c6\">\r\n<div class=\"h-row justify-content-lg-center justify-content-md-center justify-content-center align-items-lg-stretch align-items-md-stretch align-items-stretch gutters-col-lg-2 gutters-col-md-2 gutters-col-0 gutters-col-v-lg-2 gutters-col-v-md-2 gutters-col-v-2\">\r\n<div class=\"h-column h-column-container d-flex h-col-lg-auto h-col-md-auto h-col-auto style-341-outer style-local-445-c7-outer\">\r\n<div class=\"d-flex h-flex-basis h-column__inner h-px-lg-2 h-px-md-2 h-px-2 v-inner-lg-2 v-inner-md-2 v-inner-2 style-341 style-local-445-c7 position-relative\" data-colibri-id=\"445-c7\">\r\n<div class=\"w-100 h-y-container h-column__content h-column__v-align flex-basis-100 align-self-lg-start align-self-md-start align-self-start\">\r\n<div class=\"d-block style-343 style-local-445-c9 position-relative h-element\" data-colibri-id=\"445-c9\">\r\n<div class=\"h-image__frame-container-outer\">\r\n<div class=\"h-image__frame-container\">\r\n\r\n<img decoding=\"async\" width=\"200\" height=\"120\" class=\"wp-image-456 style-343-image style-local-445-c9-image\" src=\"https:\/\/kraft-bauer.com\/wp-content\/uploads\/2020\/07\/cropped-firedetec2-1.jpg\" alt=\"\" \/>\r\n<div class=\"h-image__frame h-hide-lg h-hide-md h-hide-sm style-343-frameImage style-local-445-c9-frameImage\"><\/div>\r\n<\/div>\r\n<\/div>\r\n<\/div>\r\n<\/div>\r\n<\/div>\r\n<\/div>\r\n<div class=\"h-column h-column-container d-flex h-col-lg-auto h-col-md-auto h-col-auto style-342-outer style-local-445-c8-outer\">\r\n<div class=\"d-flex h-flex-basis h-column__inner h-px-lg-2 h-px-md-2 h-px-2 v-inner-lg-2 v-inner-md-2 v-inner-2 style-342 style-local-445-c8 position-relative\" data-colibri-id=\"445-c8\">\r\n<div class=\"w-100 h-y-container h-column__content h-column__v-align flex-basis-100 align-self-lg-start align-self-md-start align-self-start\">\r\n<div class=\"d-block style-344 style-local-445-c10 position-relative h-element\" data-colibri-id=\"445-c10\">\r\n<div class=\"h-image__frame-container-outer\">\r\n<div class=\"h-image__frame-container\">\r\n\r\n<img decoding=\"async\" width=\"200\" height=\"120\" class=\"wp-image-455 style-344-image style-local-445-c10-image\" src=\"https:\/\/kraft-bauer.com\/wp-content\/uploads\/2020\/07\/cropped-firetdetec1.jpg\" alt=\"\" \/>\r\n<div class=\"h-image__frame h-hide-lg h-hide-md h-hide-sm style-344-frameImage style-local-445-c10-frameImage\"><\/div>\r\n<\/div>\r\n<\/div>\r\n<\/div>\r\n<\/div>\r\n<\/div>\r\n<\/div>\r\n<\/div>\r\n<\/div>\r\n<\/div>\r\n<\/div>\r\n<\/div>","protected":false},"excerpt":{"rendered":"<p>FIRE-DE-TEC OBJEKTSCHUTZ-L\u00d6SCHANLAGEN Effektive Brandbek\u00e4mpfung f\u00fcr bestimmte Bereiche In Ausnahmef\u00e4llen kann in brandgef\u00e4hrdeten Bereichen die Fire-De-Tec L\u00f6schanlage eine g\u00fcnstige Alternative sein. In brandgef\u00e4hrdeten Bereichen, wo bestimmte technische Standards wie z.B. die DIN 14497, Berufsgenossenschaft BGR 134 oder die EN 13478 &#8222;Sicherheit von Maschinen&#8220; nicht zwingend sind, ist Fire-De-Tec eine g\u00fcnstige Alternative. Die FDT-Interface L\u00f6schanlage l\u00f6scht pneumatisch [&hellip;]<\/p>\n","protected":false},"author":1,"featured_media":0,"parent":226,"menu_order":0,"comment_status":"closed","ping_status":"closed","template":"page-templates\/full-width-page.php","meta":{"footnotes":""},"class_list":["post-445","page","type-page","status-publish","hentry"],"yoast_head":"<!-- This site is optimized with the Yoast SEO plugin v22.6 - https:\/\/yoast.com\/wordpress\/plugins\/seo\/ -->\n<title>Fire-de-Tec \u2013 eine g\u00fcnstige Alternative<\/title>\n<meta name=\"description\" content=\"CO2-L\u00f6schanlage f\u00fcr Objektschutz \u2714\ufe0fpneumatische L\u00f6schung \u2714\ufe0fthermische Branderfassung \u2714\ufe0fgeeignet f\u00fcr: Kompressoranlagen\u2714\ufe0f Elektroverteiler \u2714\ufe0fKabelsch\u00e4chte\u2714\ufe0fStandortmotoren\u2714\ufe0fPr\u00fcfst\u00e4nde\u2714\ufe0fLackieranlagen \u2714\ufe0fNotstromanlagen\u2714\ufe0f Gro\u00dfk\u00fcchen\" \/>\n<meta name=\"robots\" content=\"index, follow, max-snippet:-1, max-image-preview:large, max-video-preview:-1\" \/>\n<link rel=\"canonical\" href=\"https:\/\/kraft-bauer.com\/?page_id=445\" \/>\n<meta property=\"og:locale\" content=\"de_DE\" \/>\n<meta property=\"og:type\" content=\"article\" \/>\n<meta property=\"og:title\" content=\"Fire-de-Tec \u2013 eine g\u00fcnstige Alternative\" \/>\n<meta property=\"og:description\" content=\"CO2-L\u00f6schanlage f\u00fcr Objektschutz \u2714\ufe0fpneumatische L\u00f6schung \u2714\ufe0fthermische Branderfassung \u2714\ufe0fgeeignet f\u00fcr: Kompressoranlagen\u2714\ufe0f Elektroverteiler \u2714\ufe0fKabelsch\u00e4chte\u2714\ufe0fStandortmotoren\u2714\ufe0fPr\u00fcfst\u00e4nde\u2714\ufe0fLackieranlagen \u2714\ufe0fNotstromanlagen\u2714\ufe0f Gro\u00dfk\u00fcchen\" \/>\n<meta property=\"og:url\" content=\"https:\/\/kraft-bauer.com\/?page_id=445\" \/>\n<meta property=\"og:site_name\" content=\"Kraft-Bauer\" \/>\n<meta property=\"article:modified_time\" content=\"2024-05-06T19:35:40+00:00\" \/>\n<meta property=\"og:image\" content=\"https:\/\/kraft-bauer.com\/wp-content\/uploads\/2020\/07\/cropped-firedetec2-1.jpg\" \/>\n<meta name=\"twitter:card\" content=\"summary_large_image\" \/>\n<meta name=\"twitter:label1\" content=\"Gesch\u00e4tzte Lesezeit\" \/>\n\t<meta name=\"twitter:data1\" content=\"2\u00a0Minuten\" \/>\n<script type=\"application\/ld+json\" class=\"yoast-schema-graph\">{\"@context\":\"https:\/\/schema.org\",\"@graph\":[{\"@type\":\"WebPage\",\"@id\":\"https:\/\/kraft-bauer.com\/?page_id=445\",\"url\":\"https:\/\/kraft-bauer.com\/?page_id=445\",\"name\":\"Fire-de-Tec \u2013 eine g\u00fcnstige Alternative\",\"isPartOf\":{\"@id\":\"https:\/\/kraft-bauer.com\/#website\"},\"primaryImageOfPage\":{\"@id\":\"https:\/\/kraft-bauer.com\/?page_id=445#primaryimage\"},\"image\":{\"@id\":\"https:\/\/kraft-bauer.com\/?page_id=445#primaryimage\"},\"thumbnailUrl\":\"https:\/\/kraft-bauer.com\/wp-content\/uploads\/2020\/07\/cropped-firedetec2-1.jpg\",\"datePublished\":\"2020-07-02T08:56:07+00:00\",\"dateModified\":\"2024-05-06T19:35:40+00:00\",\"description\":\"CO2-L\u00f6schanlage f\u00fcr Objektschutz \u2714\ufe0fpneumatische L\u00f6schung \u2714\ufe0fthermische Branderfassung \u2714\ufe0fgeeignet f\u00fcr: Kompressoranlagen\u2714\ufe0f Elektroverteiler \u2714\ufe0fKabelsch\u00e4chte\u2714\ufe0fStandortmotoren\u2714\ufe0fPr\u00fcfst\u00e4nde\u2714\ufe0fLackieranlagen \u2714\ufe0fNotstromanlagen\u2714\ufe0f Gro\u00dfk\u00fcchen\",\"breadcrumb\":{\"@id\":\"https:\/\/kraft-bauer.com\/?page_id=445#breadcrumb\"},\"inLanguage\":\"de\",\"potentialAction\":[{\"@type\":\"ReadAction\",\"target\":[\"https:\/\/kraft-bauer.com\/?page_id=445\"]}]},{\"@type\":\"ImageObject\",\"inLanguage\":\"de\",\"@id\":\"https:\/\/kraft-bauer.com\/?page_id=445#primaryimage\",\"url\":\"https:\/\/kraft-bauer.com\/wp-content\/uploads\/2020\/07\/cropped-firedetec2-1.jpg\",\"contentUrl\":\"https:\/\/kraft-bauer.com\/wp-content\/uploads\/2020\/07\/cropped-firedetec2-1.jpg\",\"width\":200,\"height\":120},{\"@type\":\"BreadcrumbList\",\"@id\":\"https:\/\/kraft-bauer.com\/?page_id=445#breadcrumb\",\"itemListElement\":[{\"@type\":\"ListItem\",\"position\":1,\"name\":\"Startseite\",\"item\":\"https:\/\/kraft-bauer.com\/\"},{\"@type\":\"ListItem\",\"position\":2,\"name\":\"L\u00f6schanlage\",\"item\":\"https:\/\/kraft-bauer.com\/?page_id=226\"},{\"@type\":\"ListItem\",\"position\":3,\"name\":\"Fire-de-Tec\"}]},{\"@type\":\"WebSite\",\"@id\":\"https:\/\/kraft-bauer.com\/#website\",\"url\":\"https:\/\/kraft-bauer.com\/\",\"name\":\"Kraft & Bauer Brandschutzsysteme GmbH\",\"description\":\"L\u00f6schanlagen und Feuerl\u00f6scher zur Brandvermeidung und -bek\u00e4mpfung. F\u00fcr die Sicherheit Ihrer Unternehmens- und Produktionsbereiche. Wir beraten Sie gerne info@kraft-bauer.com\",\"publisher\":{\"@id\":\"https:\/\/kraft-bauer.com\/#organization\"},\"potentialAction\":[{\"@type\":\"SearchAction\",\"target\":{\"@type\":\"EntryPoint\",\"urlTemplate\":\"https:\/\/kraft-bauer.com\/?s={search_term_string}\"},\"query-input\":\"required name=search_term_string\"}],\"inLanguage\":\"de\"},{\"@type\":\"Organization\",\"@id\":\"https:\/\/kraft-bauer.com\/#organization\",\"name\":\"Kraft & Bauer Brandschutzsysteme GmbH\",\"url\":\"https:\/\/kraft-bauer.com\/\",\"logo\":{\"@type\":\"ImageObject\",\"inLanguage\":\"de\",\"@id\":\"https:\/\/kraft-bauer.com\/#\/schema\/logo\/image\/\",\"url\":\"https:\/\/kraft-bauer.com\/wp-content\/uploads\/2020\/07\/cropped-logo_header-scaled-2.jpg\",\"contentUrl\":\"https:\/\/kraft-bauer.com\/wp-content\/uploads\/2020\/07\/cropped-logo_header-scaled-2.jpg\",\"width\":2491,\"height\":735,\"caption\":\"Kraft & Bauer Brandschutzsysteme GmbH\"},\"image\":{\"@id\":\"https:\/\/kraft-bauer.com\/#\/schema\/logo\/image\/\"}}]}<\/script>\n<!-- \/ Yoast SEO plugin. -->","yoast_head_json":{"title":"Fire-de-Tec \u2013 eine g\u00fcnstige Alternative","description":"CO2-L\u00f6schanlage f\u00fcr Objektschutz \u2714\ufe0fpneumatische L\u00f6schung \u2714\ufe0fthermische Branderfassung \u2714\ufe0fgeeignet f\u00fcr: Kompressoranlagen\u2714\ufe0f Elektroverteiler \u2714\ufe0fKabelsch\u00e4chte\u2714\ufe0fStandortmotoren\u2714\ufe0fPr\u00fcfst\u00e4nde\u2714\ufe0fLackieranlagen \u2714\ufe0fNotstromanlagen\u2714\ufe0f Gro\u00dfk\u00fcchen","robots":{"index":"index","follow":"follow","max-snippet":"max-snippet:-1","max-image-preview":"max-image-preview:large","max-video-preview":"max-video-preview:-1"},"canonical":"https:\/\/kraft-bauer.com\/?page_id=445","og_locale":"de_DE","og_type":"article","og_title":"Fire-de-Tec \u2013 eine g\u00fcnstige Alternative","og_description":"CO2-L\u00f6schanlage f\u00fcr Objektschutz \u2714\ufe0fpneumatische L\u00f6schung \u2714\ufe0fthermische Branderfassung \u2714\ufe0fgeeignet f\u00fcr: Kompressoranlagen\u2714\ufe0f Elektroverteiler \u2714\ufe0fKabelsch\u00e4chte\u2714\ufe0fStandortmotoren\u2714\ufe0fPr\u00fcfst\u00e4nde\u2714\ufe0fLackieranlagen \u2714\ufe0fNotstromanlagen\u2714\ufe0f Gro\u00dfk\u00fcchen","og_url":"https:\/\/kraft-bauer.com\/?page_id=445","og_site_name":"Kraft-Bauer","article_modified_time":"2024-05-06T19:35:40+00:00","og_image":[{"url":"https:\/\/kraft-bauer.com\/wp-content\/uploads\/2020\/07\/cropped-firedetec2-1.jpg"}],"twitter_card":"summary_large_image","twitter_misc":{"Gesch\u00e4tzte Lesezeit":"2\u00a0Minuten"},"schema":{"@context":"https:\/\/schema.org","@graph":[{"@type":"WebPage","@id":"https:\/\/kraft-bauer.com\/?page_id=445","url":"https:\/\/kraft-bauer.com\/?page_id=445","name":"Fire-de-Tec \u2013 eine g\u00fcnstige Alternative","isPartOf":{"@id":"https:\/\/kraft-bauer.com\/#website"},"primaryImageOfPage":{"@id":"https:\/\/kraft-bauer.com\/?page_id=445#primaryimage"},"image":{"@id":"https:\/\/kraft-bauer.com\/?page_id=445#primaryimage"},"thumbnailUrl":"https:\/\/kraft-bauer.com\/wp-content\/uploads\/2020\/07\/cropped-firedetec2-1.jpg","datePublished":"2020-07-02T08:56:07+00:00","dateModified":"2024-05-06T19:35:40+00:00","description":"CO2-L\u00f6schanlage f\u00fcr Objektschutz \u2714\ufe0fpneumatische L\u00f6schung \u2714\ufe0fthermische Branderfassung \u2714\ufe0fgeeignet f\u00fcr: Kompressoranlagen\u2714\ufe0f Elektroverteiler \u2714\ufe0fKabelsch\u00e4chte\u2714\ufe0fStandortmotoren\u2714\ufe0fPr\u00fcfst\u00e4nde\u2714\ufe0fLackieranlagen \u2714\ufe0fNotstromanlagen\u2714\ufe0f Gro\u00dfk\u00fcchen","breadcrumb":{"@id":"https:\/\/kraft-bauer.com\/?page_id=445#breadcrumb"},"inLanguage":"de","potentialAction":[{"@type":"ReadAction","target":["https:\/\/kraft-bauer.com\/?page_id=445"]}]},{"@type":"ImageObject","inLanguage":"de","@id":"https:\/\/kraft-bauer.com\/?page_id=445#primaryimage","url":"https:\/\/kraft-bauer.com\/wp-content\/uploads\/2020\/07\/cropped-firedetec2-1.jpg","contentUrl":"https:\/\/kraft-bauer.com\/wp-content\/uploads\/2020\/07\/cropped-firedetec2-1.jpg","width":200,"height":120},{"@type":"BreadcrumbList","@id":"https:\/\/kraft-bauer.com\/?page_id=445#breadcrumb","itemListElement":[{"@type":"ListItem","position":1,"name":"Startseite","item":"https:\/\/kraft-bauer.com\/"},{"@type":"ListItem","position":2,"name":"L\u00f6schanlage","item":"https:\/\/kraft-bauer.com\/?page_id=226"},{"@type":"ListItem","position":3,"name":"Fire-de-Tec"}]},{"@type":"WebSite","@id":"https:\/\/kraft-bauer.com\/#website","url":"https:\/\/kraft-bauer.com\/","name":"Kraft & Bauer Brandschutzsysteme GmbH","description":"L\u00f6schanlagen und Feuerl\u00f6scher zur Brandvermeidung und -bek\u00e4mpfung. F\u00fcr die Sicherheit Ihrer Unternehmens- und Produktionsbereiche. Wir beraten Sie gerne info@kraft-bauer.com","publisher":{"@id":"https:\/\/kraft-bauer.com\/#organization"},"potentialAction":[{"@type":"SearchAction","target":{"@type":"EntryPoint","urlTemplate":"https:\/\/kraft-bauer.com\/?s={search_term_string}"},"query-input":"required name=search_term_string"}],"inLanguage":"de"},{"@type":"Organization","@id":"https:\/\/kraft-bauer.com\/#organization","name":"Kraft & Bauer Brandschutzsysteme GmbH","url":"https:\/\/kraft-bauer.com\/","logo":{"@type":"ImageObject","inLanguage":"de","@id":"https:\/\/kraft-bauer.com\/#\/schema\/logo\/image\/","url":"https:\/\/kraft-bauer.com\/wp-content\/uploads\/2020\/07\/cropped-logo_header-scaled-2.jpg","contentUrl":"https:\/\/kraft-bauer.com\/wp-content\/uploads\/2020\/07\/cropped-logo_header-scaled-2.jpg","width":2491,"height":735,"caption":"Kraft & Bauer Brandschutzsysteme GmbH"},"image":{"@id":"https:\/\/kraft-bauer.com\/#\/schema\/logo\/image\/"}}]}},"_links":{"self":[{"href":"https:\/\/kraft-bauer.com\/index.php?rest_route=\/wp\/v2\/pages\/445","targetHints":{"allow":["GET"]}}],"collection":[{"href":"https:\/\/kraft-bauer.com\/index.php?rest_route=\/wp\/v2\/pages"}],"about":[{"href":"https:\/\/kraft-bauer.com\/index.php?rest_route=\/wp\/v2\/types\/page"}],"author":[{"embeddable":true,"href":"https:\/\/kraft-bauer.com\/index.php?rest_route=\/wp\/v2\/users\/1"}],"replies":[{"embeddable":true,"href":"https:\/\/kraft-bauer.com\/index.php?rest_route=%2Fwp%2Fv2%2Fcomments&post=445"}],"version-history":[{"count":13,"href":"https:\/\/kraft-bauer.com\/index.php?rest_route=\/wp\/v2\/pages\/445\/revisions"}],"predecessor-version":[{"id":1369,"href":"https:\/\/kraft-bauer.com\/index.php?rest_route=\/wp\/v2\/pages\/445\/revisions\/1369"}],"up":[{"embeddable":true,"href":"https:\/\/kraft-bauer.com\/index.php?rest_route=\/wp\/v2\/pages\/226"}],"wp:attachment":[{"href":"https:\/\/kraft-bauer.com\/index.php?rest_route=%2Fwp%2Fv2%2Fmedia&parent=445"}],"curies":[{"name":"wp","href":"https:\/\/api.w.org\/{rel}","templated":true}]}}