{"id":4,"date":"2020-06-04T12:59:33","date_gmt":"2020-06-04T12:59:33","guid":{"rendered":"https:\/\/kraft-bauer.com\/?page_id=4"},"modified":"2024-05-06T19:18:11","modified_gmt":"2024-05-06T19:18:11","slug":"kraft-bauer-brandschutzsysteme-gmbh","status":"publish","type":"page","link":"https:\/\/kraft-bauer.com\/","title":{"rendered":"Front Page"},"content":{"rendered":"<div data-colibri-id=\"4-c1\" class=\"style-238 style-local-4-c1 position-relative\">\r\n  <!---->\r\n  <div data-colibri-component=\"section\" data-colibri-id=\"4-c2\" id=\"about\" class=\"h-section h-section-global-spacing d-flex align-items-lg-center align-items-md-center align-items-center style-248 style-local-4-c2 position-relative\">\r\n    <!---->\r\n    <!---->\r\n    <div class=\"h-section-grid-container h-section-boxed-container\">\r\n      <!---->\r\n      <div data-colibri-id=\"4-c3\" class=\"h-row-container gutters-row-lg-0 gutters-row-md-0 gutters-row-0 gutters-row-v-lg-0 gutters-row-v-md-0 gutters-row-v-0 style-249 style-local-4-c3 position-relative\">\r\n        <!---->\r\n        <div class=\"h-row justify-content-lg-center justify-content-md-center justify-content-center align-items-lg-stretch align-items-md-stretch align-items-stretch gutters-col-lg-0 gutters-col-md-0 gutters-col-0 gutters-col-v-lg-0 gutters-col-v-md-0 gutters-col-v-0\">\r\n          <!---->\r\n          <div class=\"h-column h-column-container d-flex h-col-lg-auto h-col-md-auto h-col-auto style-250-outer style-local-4-c4-outer\">\r\n            <div data-colibri-id=\"4-c4\" class=\"d-flex h-flex-basis h-column__inner h-px-lg-0 h-px-md-0 h-px-0 v-inner-lg-0 v-inner-md-0 v-inner-0 style-250 style-local-4-c4 position-relative\">\r\n              <!---->\r\n              <!---->\r\n              <div class=\"w-100 h-y-container h-column__content h-column__v-align flex-basis-100 align-self-lg-start align-self-md-start align-self-start\">\r\n                <!---->\r\n                <div data-colibri-id=\"4-c5\" class=\"d-block style-1184 style-local-4-c5 position-relative h-element\">\r\n                  <!---->\r\n                  <div class=\"h-image__frame-container-outer\">\r\n                    <div class=\"h-image__frame-container\">\r\n                      <!---->\r\n                      <!---->\r\n                      <img decoding=\"async\" width=\"627\" height=\"747\" src=\"https:\/\/kraft-bauer.com\/wp-content\/uploads\/2020\/06\/cropped-Schild_Logo-1.jpg\" class=\"wp-image-1471 style-1184-image style-local-4-c5-image\" alt=\"\" srcset=\"https:\/\/kraft-bauer.com\/wp-content\/uploads\/2020\/06\/cropped-Schild_Logo-1.jpg 627w, https:\/\/kraft-bauer.com\/wp-content\/uploads\/2020\/06\/cropped-Schild_Logo-1-252x300.jpg 252w\" sizes=\"(max-width: 627px) 100vw, 627px\" \/>\r\n                      <div class=\"h-image__frame h-hide-lg h-hide-md h-hide-sm style-1184-frameImage style-local-4-c5-frameImage\"><\/div>\r\n                    <\/div>\r\n                  <\/div>\r\n                <\/div>\r\n              <\/div>\r\n            <\/div>\r\n          <\/div>\r\n          <div class=\"h-column h-column-container d-flex h-col-lg-auto h-col-md-auto h-col-auto style-251-outer style-local-4-c6-outer\">\r\n            <div data-colibri-id=\"4-c6\" class=\"d-flex h-flex-basis h-column__inner h-px-lg-2 h-px-md-2 h-px-2 v-inner-lg-2 v-inner-md-2 v-inner-2 style-251 style-local-4-c6 position-relative\">\r\n              <!---->\r\n              <!---->\r\n              <div class=\"w-100 h-y-container h-column__content h-column__v-align flex-basis-100 align-self-lg-start align-self-md-start align-self-start\">\r\n                <!---->\r\n                <div data-colibri-id=\"4-c7\" class=\"h-global-transition-all h-heading style-253 style-local-4-c7 position-relative h-element\">\r\n                  <!---->\r\n                  <div class=\"h-heading__outer style-253 style-local-4-c7\">\r\n                    <!---->\r\n                    <!---->\r\n                    <h3 class=\"\">Herzlich willkommen bei Kraft &amp; Bauer Brandschutzsysteme GmbH.<\/h3>\r\n                  <\/div>\r\n                <\/div>\r\n                <div data-colibri-id=\"4-c8\" class=\"h-text h-text-component style-254 style-local-4-c8 position-relative h-element\">\r\n                  <!---->\r\n                  <!---->\r\n                  <div class=\"\">\r\n                    <p>\r\n                      <br>\r\n                    <\/p>\r\n                    <p>Die Bek\u00e4mpfung von Feuer ist eine Kunst, es zu vermeiden unsere Leidenschaft. Sekundenbruchteile entscheiden \u00fcber Verlust oder Erhalt von Werten und Wissen. Diese Zeitspanne ist f\u00fcr uns eine aktive Herausforderung. Pers\u00f6nlich engagiert\r\n                      setzen wir seit Jahren erfolgreich Ma\u00dfst\u00e4be im objektbezogenen Brandschutz und \u00fcbernehmen Verantwortung f\u00fcr Menschen, Maschinen und letztendlich f\u00fcr die Zukunft von Unternehmen. Hierf\u00fcr&nbsp;bieten wir kompetente Beratung, liefern\r\n                      ef\ufb01ziente Technologie und erf\u00fcllen mit umfassender Systemgarantie individuellste Kundenanforderungen \u2013 damit Sicherheit f\u00fcr Sie keine Vision, sondern Alltag ist.\r\n                      <br>\r\n                    <\/p>\r\n                  <\/div>\r\n                <\/div>\r\n              <\/div>\r\n            <\/div>\r\n          <\/div>\r\n        <\/div>\r\n      <\/div>\r\n    <\/div>\r\n  <\/div>\r\n<\/div>","protected":false},"excerpt":{"rendered":"<p>Herzlich willkommen bei Kraft &amp; Bauer Brandschutzsysteme GmbH. Die Bek\u00e4mpfung von Feuer ist eine Kunst, es zu vermeiden unsere Leidenschaft. Sekundenbruchteile entscheiden \u00fcber Verlust oder Erhalt von Werten und Wissen. Diese Zeitspanne ist f\u00fcr uns eine aktive Herausforderung. Pers\u00f6nlich engagiert setzen wir seit Jahren erfolgreich Ma\u00dfst\u00e4be im objektbezogenen Brandschutz und \u00fcbernehmen Verantwortung f\u00fcr Menschen, Maschinen [&hellip;]<\/p>\n","protected":false},"author":1,"featured_media":0,"parent":0,"menu_order":0,"comment_status":"closed","ping_status":"closed","template":"page-templates\/homepage.php","meta":{"footnotes":""},"class_list":["post-4","page","type-page","status-publish","hentry"],"yoast_head":"<!-- This site is optimized with the Yoast SEO plugin v22.6 - https:\/\/yoast.com\/wordpress\/plugins\/seo\/ -->\n<title>Kraft &amp; Bauer Brandschutzsysteme GmbH<\/title>\n<meta name=\"description\" content=\"L\u00f6schanlagen und Feuerl\u00f6scher zur Brandvermeidung und -bek\u00e4mpfung. F\u00fcr die Sicherheit Ihrer Unternehmens- und Produktionsbereiche. Wir beraten Sie gerne info@kraft-bauer.com\" \/>\n<meta name=\"robots\" content=\"index, follow, max-snippet:-1, max-image-preview:large, max-video-preview:-1\" \/>\n<link rel=\"canonical\" href=\"https:\/\/kraft-bauer.com\/\" \/>\n<meta property=\"og:locale\" content=\"de_DE\" \/>\n<meta property=\"og:type\" content=\"article\" \/>\n<meta property=\"og:title\" content=\"Kraft &amp; Bauer Brandschutzsysteme GmbH\" \/>\n<meta property=\"og:description\" content=\"L\u00f6schanlagen und Feuerl\u00f6scher zur Brandvermeidung und -bek\u00e4mpfung. F\u00fcr die Sicherheit Ihrer Unternehmens- und Produktionsbereiche. Wir beraten Sie gerne info@kraft-bauer.com\" \/>\n<meta property=\"og:url\" content=\"https:\/\/kraft-bauer.com\/\" \/>\n<meta property=\"og:site_name\" content=\"Kraft-Bauer\" \/>\n<meta property=\"article:modified_time\" content=\"2024-05-06T19:18:11+00:00\" \/>\n<meta property=\"og:image\" content=\"https:\/\/kraft-bauer.com\/wp-content\/uploads\/2020\/06\/cropped-Schild_Logo-1.jpg\" \/>\n<meta name=\"twitter:card\" content=\"summary_large_image\" \/>\n<meta name=\"twitter:label1\" content=\"Gesch\u00e4tzte Lesezeit\" \/>\n\t<meta name=\"twitter:data1\" content=\"1\u00a0Minute\" \/>\n<script type=\"application\/ld+json\" class=\"yoast-schema-graph\">{\"@context\":\"https:\/\/schema.org\",\"@graph\":[{\"@type\":\"WebPage\",\"@id\":\"https:\/\/kraft-bauer.com\/\",\"url\":\"https:\/\/kraft-bauer.com\/\",\"name\":\"Kraft & Bauer Brandschutzsysteme GmbH\",\"isPartOf\":{\"@id\":\"https:\/\/kraft-bauer.com\/#website\"},\"primaryImageOfPage\":{\"@id\":\"https:\/\/kraft-bauer.com\/#primaryimage\"},\"image\":{\"@id\":\"https:\/\/kraft-bauer.com\/#primaryimage\"},\"thumbnailUrl\":\"https:\/\/kraft-bauer.com\/wp-content\/uploads\/2020\/06\/cropped-Schild_Logo-1.jpg\",\"datePublished\":\"2020-06-04T12:59:33+00:00\",\"dateModified\":\"2024-05-06T19:18:11+00:00\",\"description\":\"L\u00f6schanlagen und Feuerl\u00f6scher zur Brandvermeidung und -bek\u00e4mpfung. F\u00fcr die Sicherheit Ihrer Unternehmens- und Produktionsbereiche. Wir beraten Sie gerne info@kraft-bauer.com\",\"breadcrumb\":{\"@id\":\"https:\/\/kraft-bauer.com\/#breadcrumb\"},\"inLanguage\":\"de\",\"potentialAction\":[{\"@type\":\"ReadAction\",\"target\":[\"https:\/\/kraft-bauer.com\/\"]}]},{\"@type\":\"ImageObject\",\"inLanguage\":\"de\",\"@id\":\"https:\/\/kraft-bauer.com\/#primaryimage\",\"url\":\"https:\/\/kraft-bauer.com\/wp-content\/uploads\/2020\/06\/cropped-Schild_Logo-1.jpg\",\"contentUrl\":\"https:\/\/kraft-bauer.com\/wp-content\/uploads\/2020\/06\/cropped-Schild_Logo-1.jpg\",\"width\":627,\"height\":747},{\"@type\":\"BreadcrumbList\",\"@id\":\"https:\/\/kraft-bauer.com\/#breadcrumb\",\"itemListElement\":[{\"@type\":\"ListItem\",\"position\":1,\"name\":\"Startseite\",\"item\":\"https:\/\/kraft-bauer.com\/\"},{\"@type\":\"ListItem\",\"position\":2,\"name\":\"Front Page\"}]},{\"@type\":\"WebSite\",\"@id\":\"https:\/\/kraft-bauer.com\/#website\",\"url\":\"https:\/\/kraft-bauer.com\/\",\"name\":\"Kraft & Bauer Brandschutzsysteme GmbH\",\"description\":\"L\u00f6schanlagen und Feuerl\u00f6scher zur Brandvermeidung und -bek\u00e4mpfung. F\u00fcr die Sicherheit Ihrer Unternehmens- und Produktionsbereiche. Wir beraten Sie gerne info@kraft-bauer.com\",\"publisher\":{\"@id\":\"https:\/\/kraft-bauer.com\/#organization\"},\"potentialAction\":[{\"@type\":\"SearchAction\",\"target\":{\"@type\":\"EntryPoint\",\"urlTemplate\":\"https:\/\/kraft-bauer.com\/?s={search_term_string}\"},\"query-input\":\"required name=search_term_string\"}],\"inLanguage\":\"de\"},{\"@type\":\"Organization\",\"@id\":\"https:\/\/kraft-bauer.com\/#organization\",\"name\":\"Kraft & Bauer Brandschutzsysteme GmbH\",\"url\":\"https:\/\/kraft-bauer.com\/\",\"logo\":{\"@type\":\"ImageObject\",\"inLanguage\":\"de\",\"@id\":\"https:\/\/kraft-bauer.com\/#\/schema\/logo\/image\/\",\"url\":\"https:\/\/kraft-bauer.com\/wp-content\/uploads\/2020\/07\/cropped-logo_header-scaled-2.jpg\",\"contentUrl\":\"https:\/\/kraft-bauer.com\/wp-content\/uploads\/2020\/07\/cropped-logo_header-scaled-2.jpg\",\"width\":2491,\"height\":735,\"caption\":\"Kraft & Bauer Brandschutzsysteme GmbH\"},\"image\":{\"@id\":\"https:\/\/kraft-bauer.com\/#\/schema\/logo\/image\/\"}}]}<\/script>\n<!-- \/ Yoast SEO plugin. -->","yoast_head_json":{"title":"Kraft & Bauer Brandschutzsysteme GmbH","description":"L\u00f6schanlagen und Feuerl\u00f6scher zur Brandvermeidung und -bek\u00e4mpfung. F\u00fcr die Sicherheit Ihrer Unternehmens- und Produktionsbereiche. Wir beraten Sie gerne info@kraft-bauer.com","robots":{"index":"index","follow":"follow","max-snippet":"max-snippet:-1","max-image-preview":"max-image-preview:large","max-video-preview":"max-video-preview:-1"},"canonical":"https:\/\/kraft-bauer.com\/","og_locale":"de_DE","og_type":"article","og_title":"Kraft & Bauer Brandschutzsysteme GmbH","og_description":"L\u00f6schanlagen und Feuerl\u00f6scher zur Brandvermeidung und -bek\u00e4mpfung. F\u00fcr die Sicherheit Ihrer Unternehmens- und Produktionsbereiche. Wir beraten Sie gerne info@kraft-bauer.com","og_url":"https:\/\/kraft-bauer.com\/","og_site_name":"Kraft-Bauer","article_modified_time":"2024-05-06T19:18:11+00:00","og_image":[{"url":"https:\/\/kraft-bauer.com\/wp-content\/uploads\/2020\/06\/cropped-Schild_Logo-1.jpg"}],"twitter_card":"summary_large_image","twitter_misc":{"Gesch\u00e4tzte Lesezeit":"1\u00a0Minute"},"schema":{"@context":"https:\/\/schema.org","@graph":[{"@type":"WebPage","@id":"https:\/\/kraft-bauer.com\/","url":"https:\/\/kraft-bauer.com\/","name":"Kraft & Bauer Brandschutzsysteme GmbH","isPartOf":{"@id":"https:\/\/kraft-bauer.com\/#website"},"primaryImageOfPage":{"@id":"https:\/\/kraft-bauer.com\/#primaryimage"},"image":{"@id":"https:\/\/kraft-bauer.com\/#primaryimage"},"thumbnailUrl":"https:\/\/kraft-bauer.com\/wp-content\/uploads\/2020\/06\/cropped-Schild_Logo-1.jpg","datePublished":"2020-06-04T12:59:33+00:00","dateModified":"2024-05-06T19:18:11+00:00","description":"L\u00f6schanlagen und Feuerl\u00f6scher zur Brandvermeidung und -bek\u00e4mpfung. F\u00fcr die Sicherheit Ihrer Unternehmens- und Produktionsbereiche. Wir beraten Sie gerne info@kraft-bauer.com","breadcrumb":{"@id":"https:\/\/kraft-bauer.com\/#breadcrumb"},"inLanguage":"de","potentialAction":[{"@type":"ReadAction","target":["https:\/\/kraft-bauer.com\/"]}]},{"@type":"ImageObject","inLanguage":"de","@id":"https:\/\/kraft-bauer.com\/#primaryimage","url":"https:\/\/kraft-bauer.com\/wp-content\/uploads\/2020\/06\/cropped-Schild_Logo-1.jpg","contentUrl":"https:\/\/kraft-bauer.com\/wp-content\/uploads\/2020\/06\/cropped-Schild_Logo-1.jpg","width":627,"height":747},{"@type":"BreadcrumbList","@id":"https:\/\/kraft-bauer.com\/#breadcrumb","itemListElement":[{"@type":"ListItem","position":1,"name":"Startseite","item":"https:\/\/kraft-bauer.com\/"},{"@type":"ListItem","position":2,"name":"Front Page"}]},{"@type":"WebSite","@id":"https:\/\/kraft-bauer.com\/#website","url":"https:\/\/kraft-bauer.com\/","name":"Kraft & Bauer Brandschutzsysteme GmbH","description":"L\u00f6schanlagen und Feuerl\u00f6scher zur Brandvermeidung und -bek\u00e4mpfung. F\u00fcr die Sicherheit Ihrer Unternehmens- und Produktionsbereiche. Wir beraten Sie gerne info@kraft-bauer.com","publisher":{"@id":"https:\/\/kraft-bauer.com\/#organization"},"potentialAction":[{"@type":"SearchAction","target":{"@type":"EntryPoint","urlTemplate":"https:\/\/kraft-bauer.com\/?s={search_term_string}"},"query-input":"required name=search_term_string"}],"inLanguage":"de"},{"@type":"Organization","@id":"https:\/\/kraft-bauer.com\/#organization","name":"Kraft & Bauer Brandschutzsysteme GmbH","url":"https:\/\/kraft-bauer.com\/","logo":{"@type":"ImageObject","inLanguage":"de","@id":"https:\/\/kraft-bauer.com\/#\/schema\/logo\/image\/","url":"https:\/\/kraft-bauer.com\/wp-content\/uploads\/2020\/07\/cropped-logo_header-scaled-2.jpg","contentUrl":"https:\/\/kraft-bauer.com\/wp-content\/uploads\/2020\/07\/cropped-logo_header-scaled-2.jpg","width":2491,"height":735,"caption":"Kraft & Bauer Brandschutzsysteme GmbH"},"image":{"@id":"https:\/\/kraft-bauer.com\/#\/schema\/logo\/image\/"}}]}},"_links":{"self":[{"href":"https:\/\/kraft-bauer.com\/index.php?rest_route=\/wp\/v2\/pages\/4","targetHints":{"allow":["GET"]}}],"collection":[{"href":"https:\/\/kraft-bauer.com\/index.php?rest_route=\/wp\/v2\/pages"}],"about":[{"href":"https:\/\/kraft-bauer.com\/index.php?rest_route=\/wp\/v2\/types\/page"}],"author":[{"embeddable":true,"href":"https:\/\/kraft-bauer.com\/index.php?rest_route=\/wp\/v2\/users\/1"}],"replies":[{"embeddable":true,"href":"https:\/\/kraft-bauer.com\/index.php?rest_route=%2Fwp%2Fv2%2Fcomments&post=4"}],"version-history":[{"count":20,"href":"https:\/\/kraft-bauer.com\/index.php?rest_route=\/wp\/v2\/pages\/4\/revisions"}],"predecessor-version":[{"id":1733,"href":"https:\/\/kraft-bauer.com\/index.php?rest_route=\/wp\/v2\/pages\/4\/revisions\/1733"}],"wp:attachment":[{"href":"https:\/\/kraft-bauer.com\/index.php?rest_route=%2Fwp%2Fv2%2Fmedia&parent=4"}],"curies":[{"name":"wp","href":"https:\/\/api.w.org\/{rel}","templated":true}]}}